{"id":13215,"date":"2022-11-20T20:21:59","date_gmt":"2022-11-20T19:21:59","guid":{"rendered":"https:\/\/sp184lodz.edu.pl\/?page_id=13215"},"modified":"2022-11-29T18:08:42","modified_gmt":"2022-11-29T17:08:42","slug":"unicef","status":"publish","type":"page","link":"https:\/\/sp184lodz.edu.pl\/index.php\/unicef\/","title":{"rendered":"UNICEF"},"content":{"rendered":"<p><img loading=\"lazy\" decoding=\"async\" class=\"alignleft wp-image-13216 \" src=\"https:\/\/sp184lodz.edu.pl\/wp-content\/uploads\/2022\/11\/uniceg_logo.png\" alt=\"\" width=\"614\" height=\"120\" srcset=\"https:\/\/sp184lodz.edu.pl\/wp-content\/uploads\/2022\/11\/uniceg_logo.png 506w, https:\/\/sp184lodz.edu.pl\/wp-content\/uploads\/2022\/11\/uniceg_logo-300x59.png 300w\" sizes=\"auto, (max-width: 614px) 100vw, 614px\" \/><\/p>\n<p><img loading=\"lazy\" decoding=\"async\" class=\"alignnone wp-image-13218\" src=\"https:\/\/sp184lodz.edu.pl\/wp-content\/uploads\/2022\/11\/lodz_kreuje_logo.png\" alt=\"\" width=\"711\" height=\"206\" srcset=\"https:\/\/sp184lodz.edu.pl\/wp-content\/uploads\/2022\/11\/lodz_kreuje_logo.png 842w, https:\/\/sp184lodz.edu.pl\/wp-content\/uploads\/2022\/11\/lodz_kreuje_logo-300x87.png 300w, https:\/\/sp184lodz.edu.pl\/wp-content\/uploads\/2022\/11\/lodz_kreuje_logo-768x223.png 768w\" sizes=\"auto, (max-width: 711px) 100vw, 711px\" \/><\/p>\n<h3><strong>WSPARCIE FINANSOWE &#8211; UNICEF<\/strong><\/h3>\n<p style=\"text-align: left;\">W zwi\u0105zku z kryzysem uchod\u017aczym \u0141\u00f3d\u017a otrzyma\u0142a dofinansowanie dzi\u0119ki organizacji UNICEF. \u015arodki s\u0105 przeznaczone m.in. na edukacj\u0119, dzia\u0142ania prozdrowotne oraz integracyjne skierowane zar\u00f3wno do dzieci i m\u0142odzie\u017cy z Ukrainy, jak i do przyjmuj\u0105cej je spo\u0142eczno\u015bci lokalnej. Do najwa\u017cniejszych dzia\u0142a\u0144, jakie zostan\u0105 sfinansowane dzi\u0119ki wsparciu organizacji UNICEF, nale\u017cy zapewnienie dodatkowego wyposa\u017cenia szk\u00f3\u0142, przedszkoli i \u017c\u0142obk\u00f3w w niezb\u0119dne meble, takie jak \u0142awki i krzes\u0142a, a tak\u017ce sprz\u0119t komputerowy, w tym wspomagaj\u0105cy nauk\u0119 j\u0119zyka oraz inne pomoce naukowe.<\/p>\n<p>W ramach tej wsp\u00f3\u0142pracy nasza szko\u0142a otrzyma\u0142a \u015brodki finansowe, aby r\u00f3wnie\u017c przygotowa\u0107 si\u0119 do przyj\u0119cia\u00a0 dzieci i m\u0142odzie\u017cy z Ukrainy.<\/p>\n<p><strong>Lato w mie\u015bcie \u2013 organizacja programu wielokulturowego i adaptacyjnego dla m\u0142odzie\u017cy uchod\u017ac\u00f3w<\/strong><\/p>\n<p>W okresie od 1 do 31 sierpnia 2022 r. na boisku Orlik by\u0142y realizowane dodatkowe zaj\u0119cia sportowo \u2013 rekreacyjne. Cel spotka\u0144 to wsparcie opieku\u0144czo &#8211; wychowawcze, ze szczeg\u00f3lnym uwzgl\u0119dnieniem potrzeb zwi\u0105zanych z integracj\u0105 spo\u0142eczn\u0105. Zaj\u0119cia mia\u0142y charakter otwarty, by\u0142y prowadzone od 9.00 do 21.00. Uczestnicz\u0105ce w nich dzieci z Ukrainy mog\u0142y rozwija\u0107 swoje zainteresowania, umiej\u0119tno\u015bci, ale te\u017c nawi\u0105za\u0107 bli\u017csze relacje z uczniami naszej szko\u0142y.<br \/>\nW ramach otrzymanych \u015brodk\u00f3w uda\u0142o si\u0119 tak\u017ce zapewni\u0107 wy\u017cywienie uczestnikom zaj\u0119\u0107 oraz zakupi\u0107 sprz\u0119t sportowy, \u015brodki czysto\u015bci.<\/p>\n<p><strong>Inne dzia\u0142ania realizowane w zwi\u0105zku z otrzymanym dofinansowaniem ze \u015brodk\u00f3w organizacji UNICEF:<\/strong><\/p>\n<ul>\n<li>wyposa\u017cenie pozaszkolnych klub\u00f3w integracji wielokulturowej (zakup \u0142awek, krzese\u0142ek, rzutnik\u00f3w, tablic);<\/li>\n<li>utworzenie zak\u0142adki na stronie szko\u0142y z informacjami w j\u0119zyku ukrai\u0144skim;<\/li>\n<li>zakup \u015brodk\u00f3w dydaktycznych i ksi\u0105\u017cek dla uchod\u017ac\u00f3w z Ukrainy;<code class=\"rl-shortcode\" data-number=\"0\"><div class=\"rl-gallery-container rl-loading\" id=\"rl-gallery-container-1\" data-gallery_id=\"13222\"> <div class=\"rl-gallery rl-basicgrid-gallery rl-hover-effect-6\" id=\"rl-gallery-1\" data-gallery_no=\"1\"> <div class=\"rl-gallery-item\"><a href=\"https:\/\/sp184lodz.edu.pl\/wp-content\/uploads\/2022\/11\/Unicef_3.jpg\" title=\"\" data-rl_title=\"\" class=\"rl-gallery-link\" data-rl_caption=\"\" data-rel=\"lightbox-gallery-1\"><img loading=\"lazy\" decoding=\"async\" src=\"https:\/\/sp184lodz.edu.pl\/wp-content\/uploads\/2022\/11\/Unicef_3-150x150.jpg\" width=\"150\" height=\"150\" alt=\"\" \/><\/a><\/div><div class=\"rl-gallery-item\"><a href=\"https:\/\/sp184lodz.edu.pl\/wp-content\/uploads\/2022\/11\/Unicef_2.jpg\" title=\"\" data-rl_title=\"\" class=\"rl-gallery-link\" data-rl_caption=\"\" data-rel=\"lightbox-gallery-1\"><img loading=\"lazy\" decoding=\"async\" src=\"https:\/\/sp184lodz.edu.pl\/wp-content\/uploads\/2022\/11\/Unicef_2-150x150.jpg\" width=\"150\" height=\"150\" alt=\"\" \/><\/a><\/div><div class=\"rl-gallery-item\"><a href=\"https:\/\/sp184lodz.edu.pl\/wp-content\/uploads\/2022\/11\/Unicef_1.jpg\" title=\"\" data-rl_title=\"\" class=\"rl-gallery-link\" data-rl_caption=\"\" data-rel=\"lightbox-gallery-1\"><img loading=\"lazy\" decoding=\"async\" src=\"https:\/\/sp184lodz.edu.pl\/wp-content\/uploads\/2022\/11\/Unicef_1-150x150.jpg\" width=\"150\" height=\"150\" alt=\"\" \/><\/a><\/div> <\/div> <\/div><\/code><\/li>\n<li>zapewnienie im obiad\u00f3w;<\/li>\n<li>zorganizowanie wycieczek integracyjnych:<br \/>\nW ramach dofinansowania UNICEF uda\u0142o si\u0119 zorganizowa\u0107 wiele ciekawych wycieczek. Uczestnicz\u0105ce w nich dzieci z Ukrainy mog\u0142y zintegrowa\u0107 si\u0119 z zespo\u0142em klasowym oraz pozna\u0107 nowe i fascynuj\u0105ce miejsca w Polsce. Uczestniczyli r\u00f3wnie\u017c w przedstawieniach teatralnych.<br \/>\nPobyt w stolicy rozpocz\u0105\u0142 si\u0119 wizyt\u0105 i zabaw\u0105 w Centrum Nauki Kopernik.<\/li>\n<\/ul>\n<p>&nbsp;<\/p>\n<ul>\n<li style=\"list-style-type: none;\">\n<ul>\n<li>W pa\u017adzierniku klasy 4 b i c wybra\u0142y si\u0119 na wycieczk\u0119 do <strong>Warszawy<\/strong><\/li>\n<\/ul>\n<\/li>\n<\/ul>\n<p style=\"padding-left: 40px;\">Nast\u0119pnie uczniowie najstarszymi ruchomymi schodami w Polsce udali si\u0119 na Plac Zamkowy, spacerowali uliczkami Starego Miasta. Obejrzeli wiele warszawskich pomnik\u00f3w: kolumn\u0119 kr\u00f3la Zygmunta, Ma\u0142ego Powsta\u0144ca, Adama Mickiewicza, ksi\u0119cia J\u00f3zefa Poniatowskiego przed Pa\u0142acem Prezydenckim, marsza\u0142ka Pi\u0142sudskiego nieopodal Grobu Nieznanego \u017bo\u0142nierza. Tam byli \u015bwiadkami sk\u0142adania wie\u0144c\u00f3w przez delegacj\u0119 z Republiki Angoli.<\/p>\n<p style=\"padding-left: 40px;\">Ostatni\u0105 atrakcj\u0105 by\u0142o podziwianie panoramy Warszawy z 33. pi\u0119tra Pa\u0142acu Kultury i Nauki.<\/p>\n<p><code class=\"rl-shortcode\" data-number=\"0\"><div class=\"rl-gallery-container rl-loading\" id=\"rl-gallery-container-2\" data-gallery_id=\"13314\"> <div class=\"rl-gallery rl-basicgrid-gallery rl-hover-effect-6\" id=\"rl-gallery-2\" data-gallery_no=\"2\"> <div class=\"rl-gallery-item\"><a href=\"https:\/\/sp184lodz.edu.pl\/wp-content\/uploads\/2022\/11\/22_11_10_wycieczka_3.jpg\" title=\"\" data-rl_title=\"\" class=\"rl-gallery-link\" data-rl_caption=\"\" data-rel=\"lightbox-gallery-2\"><img loading=\"lazy\" decoding=\"async\" src=\"https:\/\/sp184lodz.edu.pl\/wp-content\/uploads\/2022\/11\/22_11_10_wycieczka_3-150x150.jpg\" width=\"150\" height=\"150\" alt=\"\" \/><\/a><\/div><div class=\"rl-gallery-item\"><a href=\"https:\/\/sp184lodz.edu.pl\/wp-content\/uploads\/2022\/11\/22_11_10_wycieczka_4.jpg\" title=\"\" data-rl_title=\"\" class=\"rl-gallery-link\" data-rl_caption=\"\" data-rel=\"lightbox-gallery-2\"><img loading=\"lazy\" decoding=\"async\" src=\"https:\/\/sp184lodz.edu.pl\/wp-content\/uploads\/2022\/11\/22_11_10_wycieczka_4-150x150.jpg\" width=\"150\" height=\"150\" alt=\"\" \/><\/a><\/div><div class=\"rl-gallery-item\"><a href=\"https:\/\/sp184lodz.edu.pl\/wp-content\/uploads\/2022\/11\/22_11_10_wycieczka_18.jpg\" title=\"\" data-rl_title=\"\" class=\"rl-gallery-link\" data-rl_caption=\"\" data-rel=\"lightbox-gallery-2\"><img loading=\"lazy\" decoding=\"async\" src=\"https:\/\/sp184lodz.edu.pl\/wp-content\/uploads\/2022\/11\/22_11_10_wycieczka_18-150x150.jpg\" width=\"150\" height=\"150\" alt=\"\" \/><\/a><\/div> <\/div> <\/div><\/code><\/p>\n<ul>\n<li style=\"list-style-type: none;\">\n<ul>\n<li>Wycieczka do <strong>Dobronianki<\/strong> mia\u0142a miejsce 12.10.2022r.<\/li>\n<\/ul>\n<\/li>\n<\/ul>\n<p style=\"padding-left: 40px;\">Uczniowie kl.1c w Dobroniu najpierw mieli warsztaty plastyczne, gdzie dzieci ozdabia\u0142y dynie, kt\u00f3re p\u00f3\u017aniej zabra\u0142y do domu. Po warsztatach dzieci zwiedza\u0142y mini zoo z przewodnikiem. Na zako\u0144czenie dzieci zakupi\u0142y pami\u0105tki w postaci maskotek &#8211; zwierz\u0105tek.<br \/>\nWycieczka wszystkim si\u0119 podoba\u0142a.<\/p>\n<p><code class=\"rl-shortcode\" data-number=\"0\"><div class=\"rl-gallery-container rl-loading\" id=\"rl-gallery-container-3\" data-gallery_id=\"13319\"> <div class=\"rl-gallery rl-basicgrid-gallery rl-hover-effect-6\" id=\"rl-gallery-3\" data-gallery_no=\"3\"> <div class=\"rl-gallery-item\"><a href=\"https:\/\/sp184lodz.edu.pl\/wp-content\/uploads\/2022\/11\/unicef_wycieczki_3.jpg\" title=\"\" data-rl_title=\"\" class=\"rl-gallery-link\" data-rl_caption=\"\" data-rel=\"lightbox-gallery-3\"><img loading=\"lazy\" decoding=\"async\" src=\"https:\/\/sp184lodz.edu.pl\/wp-content\/uploads\/2022\/11\/unicef_wycieczki_3-150x150.jpg\" width=\"150\" height=\"150\" alt=\"\" \/><\/a><\/div><div class=\"rl-gallery-item\"><a href=\"https:\/\/sp184lodz.edu.pl\/wp-content\/uploads\/2022\/11\/unicef_wycieczki_2.jpg\" title=\"\" data-rl_title=\"\" class=\"rl-gallery-link\" data-rl_caption=\"\" data-rel=\"lightbox-gallery-3\"><img loading=\"lazy\" decoding=\"async\" src=\"https:\/\/sp184lodz.edu.pl\/wp-content\/uploads\/2022\/11\/unicef_wycieczki_2-150x150.jpg\" width=\"150\" height=\"150\" alt=\"\" \/><\/a><\/div><div class=\"rl-gallery-item\"><a href=\"https:\/\/sp184lodz.edu.pl\/wp-content\/uploads\/2022\/11\/unicef_wycieczki_1.jpg\" title=\"\" data-rl_title=\"\" class=\"rl-gallery-link\" data-rl_caption=\"\" data-rel=\"lightbox-gallery-3\"><img loading=\"lazy\" decoding=\"async\" src=\"https:\/\/sp184lodz.edu.pl\/wp-content\/uploads\/2022\/11\/unicef_wycieczki_1-150x150.jpg\" width=\"150\" height=\"150\" alt=\"\" \/><\/a><\/div> <\/div> <\/div><\/code><\/p>\n<ul>\n<li style=\"list-style-type: none;\">\n<ul>\n<li>Klasy 8b i 8c wybra\u0142y si\u0119 na wycieczk\u0119 do <strong>Warszawy.<\/strong><\/li>\n<\/ul>\n<\/li>\n<\/ul>\n<p style=\"padding-left: 40px;\">Podczas wycieczki uczniowie zwiedzili wiele ciekawych miejsc. Byli w Ogrodzie \u00a0Saskim oraz przy .Grobie \u00a0Nieznanego \u017bo\u0142nierza. Udali si\u0119 na\u00a0 Krakowskie Przedmie\u015bcie do Kolumny Zygmunta. Po drodze\u00a0 uczniowie zwiedzili Pa\u0142ac Namiestnikowski.<\/p>\n<p style=\"padding-left: 40px;\">Na rynku zwiedzali\u00a0 muzeum \u201e\u015awiat Iluzji\u201d, gdzie \u015bwietnie si\u0119 bawili. Po zwiedzaniu nadszed\u0142 czas na zakup pami\u0105tek i zdj\u0119cia z Warszawsk\u0105 Syrenk\u0105.<\/p>\n<p><code class=\"rl-shortcode\" data-number=\"0\"><div class=\"rl-gallery-container rl-loading\" id=\"rl-gallery-container-4\" data-gallery_id=\"13325\"> <div class=\"rl-gallery rl-basicgrid-gallery rl-hover-effect-6\" id=\"rl-gallery-4\" data-gallery_no=\"4\"> <div class=\"rl-gallery-item\"><a href=\"https:\/\/sp184lodz.edu.pl\/wp-content\/uploads\/2022\/11\/Unicef_wycieczka2_3.jpg\" title=\"\" data-rl_title=\"\" class=\"rl-gallery-link\" data-rl_caption=\"\" data-rel=\"lightbox-gallery-4\"><img loading=\"lazy\" decoding=\"async\" src=\"https:\/\/sp184lodz.edu.pl\/wp-content\/uploads\/2022\/11\/Unicef_wycieczka2_3-150x150.jpg\" width=\"150\" height=\"150\" alt=\"\" \/><\/a><\/div><div class=\"rl-gallery-item\"><a href=\"https:\/\/sp184lodz.edu.pl\/wp-content\/uploads\/2022\/11\/Unicef_wycieczka2_2.jpg\" title=\"\" data-rl_title=\"\" class=\"rl-gallery-link\" data-rl_caption=\"\" data-rel=\"lightbox-gallery-4\"><img loading=\"lazy\" decoding=\"async\" src=\"https:\/\/sp184lodz.edu.pl\/wp-content\/uploads\/2022\/11\/Unicef_wycieczka2_2-150x150.jpg\" width=\"150\" height=\"150\" alt=\"\" \/><\/a><\/div><div class=\"rl-gallery-item\"><a href=\"https:\/\/sp184lodz.edu.pl\/wp-content\/uploads\/2022\/11\/Unicef_wycieczka2_1.jpg\" title=\"\" data-rl_title=\"\" class=\"rl-gallery-link\" data-rl_caption=\"\" data-rel=\"lightbox-gallery-4\"><img loading=\"lazy\" decoding=\"async\" src=\"https:\/\/sp184lodz.edu.pl\/wp-content\/uploads\/2022\/11\/Unicef_wycieczka2_1-150x150.jpg\" width=\"150\" height=\"150\" alt=\"\" \/><\/a><\/div> <\/div> <\/div><\/code><\/p>\n<ul>\n<li style=\"list-style-type: none;\">\n<ul>\n<li>W teatrze<\/li>\n<\/ul>\n<\/li>\n<\/ul>\n<p style=\"padding-left: 40px;\">Klasy 3a, 3c, 4a i 5c wybra\u0142y si\u0119 na wycieczk\u0119 do teatru Muzycznego na przedstawienie pt. \u201eAlicja w krainie czar\u00f3w\u201d. Przez chwil\u0119 poczuli\u015bmy si\u0119 jak Alicja. Wpadli\u015bmy do kr\u00f3liczej nory i wybrali\u015bmy si\u0119 we wsp\u00f3ln\u0105 podr\u00f3\u017c po \u015bwiecie, w kt\u00f3rym nic nie jest takie, jakim si\u0119 wydaje. Po niesamowitym wyst\u0119pie mogli\u015bmy sobie zrobi\u0107 pami\u0105tkowe zdj\u0119cie z g\u0142\u00f3wn\u0105 bohaterk\u0105. Nasi\u00a0 koledzy i kole\u017canki z Ukrainy byli bardzo zadowoleni. Podoba\u0142y im si\u0119 kolorowe stroje aktor\u00f3w i pi\u0119kna sala Teatru Muzycznego.<\/p>\n<p><code class=\"rl-shortcode\" data-number=\"0\"><div class=\"rl-gallery-container rl-loading\" id=\"rl-gallery-container-5\" data-gallery_id=\"13332\"> <div class=\"rl-gallery rl-basicgrid-gallery rl-hover-effect-6\" id=\"rl-gallery-5\" data-gallery_no=\"5\"> <div class=\"rl-gallery-item\"><a href=\"https:\/\/sp184lodz.edu.pl\/wp-content\/uploads\/2022\/11\/Unicef_teatr_1.jpg\" title=\"\" data-rl_title=\"\" class=\"rl-gallery-link\" data-rl_caption=\"\" data-rel=\"lightbox-gallery-5\"><img loading=\"lazy\" decoding=\"async\" src=\"https:\/\/sp184lodz.edu.pl\/wp-content\/uploads\/2022\/11\/Unicef_teatr_1-150x150.jpg\" width=\"150\" height=\"150\" alt=\"\" \/><\/a><\/div><div class=\"rl-gallery-item\"><a href=\"https:\/\/sp184lodz.edu.pl\/wp-content\/uploads\/2022\/11\/Unicef_teatr_2.jpg\" title=\"\" data-rl_title=\"\" class=\"rl-gallery-link\" data-rl_caption=\"\" data-rel=\"lightbox-gallery-5\"><img loading=\"lazy\" decoding=\"async\" src=\"https:\/\/sp184lodz.edu.pl\/wp-content\/uploads\/2022\/11\/Unicef_teatr_2-150x150.jpg\" width=\"150\" height=\"150\" alt=\"\" \/><\/a><\/div> <\/div> <\/div><\/code><\/p>\n<p>&nbsp;<\/p>\n<p>&nbsp;<\/p>\n<p>&nbsp;<\/p>\n<p>&nbsp;<\/p>\n<p>&nbsp;<\/p>\n<p>&nbsp;<\/p>\n<p>&nbsp;<\/p>\n<p>&nbsp;<\/p>\n<p>&nbsp;<\/p>\n<p>&nbsp;<\/p>\n<p>&nbsp;<\/p>\n","protected":false},"excerpt":{"rendered":"<p>WSPARCIE FINANSOWE &#8211; UNICEF W zwi\u0105zku z kryzysem uchod\u017aczym \u0141\u00f3d\u017a otrzyma\u0142a dofinansowanie dzi\u0119ki organizacji UNICEF. \u015arodki s\u0105 przeznaczone m.in. na edukacj\u0119, dzia\u0142ania prozdrowotne oraz integracyjne skierowane zar\u00f3wno do dzieci i m\u0142odzie\u017cy z Ukrainy, jak i do przyjmuj\u0105cej je spo\u0142eczno\u015bci lokalnej. <a href=\"https:\/\/sp184lodz.edu.pl\/index.php\/unicef\/\" class=\"read-more\">czytaj wi\u0119cej &#8230;<\/a><\/p>\n","protected":false},"author":4,"featured_media":0,"parent":0,"menu_order":0,"comment_status":"closed","ping_status":"closed","template":"","meta":{"two_page_speed":[],"footnotes":""},"class_list":["post-13215","page","type-page","status-publish","hentry"],"_links":{"self":[{"href":"https:\/\/sp184lodz.edu.pl\/index.php\/wp-json\/wp\/v2\/pages\/13215","targetHints":{"allow":["GET"]}}],"collection":[{"href":"https:\/\/sp184lodz.edu.pl\/index.php\/wp-json\/wp\/v2\/pages"}],"about":[{"href":"https:\/\/sp184lodz.edu.pl\/index.php\/wp-json\/wp\/v2\/types\/page"}],"author":[{"embeddable":true,"href":"https:\/\/sp184lodz.edu.pl\/index.php\/wp-json\/wp\/v2\/users\/4"}],"replies":[{"embeddable":true,"href":"https:\/\/sp184lodz.edu.pl\/index.php\/wp-json\/wp\/v2\/comments?post=13215"}],"version-history":[{"count":15,"href":"https:\/\/sp184lodz.edu.pl\/index.php\/wp-json\/wp\/v2\/pages\/13215\/revisions"}],"predecessor-version":[{"id":13311,"href":"https:\/\/sp184lodz.edu.pl\/index.php\/wp-json\/wp\/v2\/pages\/13215\/revisions\/13311"}],"wp:attachment":[{"href":"https:\/\/sp184lodz.edu.pl\/index.php\/wp-json\/wp\/v2\/media?parent=13215"}],"curies":[{"name":"wp","href":"https:\/\/api.w.org\/{rel}","templated":true}]}}